{"id":17254,"date":"2023-02-06T08:49:58","date_gmt":"2023-02-06T08:49:58","guid":{"rendered":"https:\/\/shopkeeper-demo.getbowtied.com\/books\/?page_id=12"},"modified":"2025-08-28T14:55:04","modified_gmt":"2025-08-28T12:55:04","slug":"home-comunica-books-edizioni","status":"publish","type":"page","link":"https:\/\/www.comunicabooksedizioni.it\/Home\/","title":{"rendered":"Home"},"content":{"rendered":"\t\t<div data-elementor-type=\"wp-page\" data-elementor-id=\"17254\" class=\"elementor elementor-17254\" data-elementor-post-type=\"page\">\n\t\t\t\t\t\t<section class=\"elementor-section elementor-top-section elementor-element elementor-element-6037f7b5 elementor-section-full_width elementor-section-stretched elementor-section-height-default elementor-section-height-default\" data-id=\"6037f7b5\" data-element_type=\"section\" data-e-type=\"section\" data-settings=\"{&quot;stretch_section&quot;:&quot;section-stretched&quot;}\">\n\t\t\t\t\t\t<div class=\"elementor-container elementor-column-gap-no\">\n\t\t\t\t\t<div class=\"elementor-column elementor-col-100 elementor-top-column elementor-element elementor-element-4127f0a0\" data-id=\"4127f0a0\" data-element_type=\"column\" data-e-type=\"column\">\n\t\t\t<div class=\"elementor-widget-wrap elementor-element-populated\">\n\t\t\t\t\t\t<div class=\"elementor-element elementor-element-5e8e86ea elementor-testimonial--align-left elementor-testimonial--skin-default elementor-testimonial--layout-image_inline elementor-widget elementor-widget-testimonial-carousel\" data-id=\"5e8e86ea\" data-element_type=\"widget\" data-e-type=\"widget\" data-settings=\"{&quot;slides_per_view&quot;:&quot;1&quot;,&quot;slides_to_scroll&quot;:&quot;1&quot;,&quot;space_between&quot;:{&quot;unit&quot;:&quot;px&quot;,&quot;size&quot;:&quot;&quot;,&quot;sizes&quot;:[]},&quot;speed&quot;:500,&quot;autoplay&quot;:&quot;yes&quot;,&quot;autoplay_speed&quot;:5000,&quot;loop&quot;:&quot;yes&quot;,&quot;pause_on_hover&quot;:&quot;yes&quot;,&quot;pause_on_interaction&quot;:&quot;yes&quot;,&quot;space_between_tablet&quot;:{&quot;unit&quot;:&quot;px&quot;,&quot;size&quot;:10,&quot;sizes&quot;:[]},&quot;space_between_mobile&quot;:{&quot;unit&quot;:&quot;px&quot;,&quot;size&quot;:10,&quot;sizes&quot;:[]}}\" data-widget_type=\"testimonial-carousel.default\">\n\t\t\t\t<div class=\"elementor-widget-container\">\n\t\t\t\t\t\t\t\t\t<div class=\"elementor-swiper\">\n\t\t\t\t\t<div class=\"elementor-main-swiper swiper\" role=\"region\" aria-roledescription=\"carousel\" aria-label=\"Slides\">\n\t\t\t\t<div class=\"swiper-wrapper\">\n\t\t\t\t\t\t\t\t\t\t\t<div class=\"swiper-slide\" role=\"group\" aria-roledescription=\"slide\">\n\t\t\t\t\t\t\t\t\t<div class=\"elementor-testimonial\">\n\t\t\t\t\t\t\t<div class=\"elementor-testimonial__content\">\n\t\t\t\t\t<div class=\"elementor-testimonial__text\">\n\t\t\t\t\t\t\t\t<div data-elementor-type=\"single-page\" data-elementor-id=\"16659\" class=\"elementor elementor-16659\" data-elementor-post-type=\"elementor_library\">\n\t\t\t\t\t<section class=\"elementor-section elementor-top-section elementor-element elementor-element-2de541b7 elementor-section-full_width elementor-section-content-bottom elementor-section-height-default elementor-section-height-default\" data-id=\"2de541b7\" data-element_type=\"section\" data-e-type=\"section\" data-settings=\"{&quot;background_background&quot;:&quot;classic&quot;}\">\n\t\t\t\t\t\t\t<div class=\"elementor-background-overlay\"><\/div>\n\t\t\t\t\t\t\t<div class=\"elementor-container elementor-column-gap-no\">\n\t\t\t\t\t<div class=\"elementor-column elementor-col-50 elementor-top-column elementor-element elementor-element-3ea79363 animated-fast\" data-id=\"3ea79363\" data-element_type=\"column\" data-e-type=\"column\" data-settings=\"{&quot;background_background&quot;:&quot;classic&quot;,&quot;animation&quot;:&quot;none&quot;}\">\n\t\t\t<div class=\"elementor-widget-wrap elementor-element-populated\">\n\t\t\t\t\t\t<div class=\"elementor-element elementor-element-74e614ae elementor-widget__width-auto elementor-widget elementor-widget-heading\" data-id=\"74e614ae\" data-element_type=\"widget\" data-e-type=\"widget\" data-widget_type=\"heading.default\">\n\t\t\t\t<div class=\"elementor-widget-container\">\n\t\t\t\t\t<h2 class=\"elementor-heading-title elementor-size-default\">Benvenuti in<\/h2>\t\t\t\t<\/div>\n\t\t\t\t<\/div>\n\t\t\t\t<div class=\"elementor-element elementor-element-70e017b elementor-widget__width-auto elementor-widget elementor-widget-heading\" data-id=\"70e017b\" data-element_type=\"widget\" data-e-type=\"widget\" data-widget_type=\"heading.default\">\n\t\t\t\t<div class=\"elementor-widget-container\">\n\t\t\t\t\t<h2 class=\"elementor-heading-title elementor-size-default\">Comunica Books Edizioni<\/h2>\t\t\t\t<\/div>\n\t\t\t\t<\/div>\n\t\t\t\t<section class=\"elementor-section elementor-inner-section elementor-element elementor-element-13b2143 elementor-section-full_width elementor-section-height-default elementor-section-height-default\" data-id=\"13b2143\" data-element_type=\"section\" data-e-type=\"section\">\n\t\t\t\t\t\t<div class=\"elementor-container elementor-column-gap-no\">\n\t\t\t\t\t<div class=\"elementor-column elementor-col-100 elementor-inner-column elementor-element elementor-element-3b1773cc\" data-id=\"3b1773cc\" data-element_type=\"column\" data-e-type=\"column\">\n\t\t\t<div class=\"elementor-widget-wrap elementor-element-populated\">\n\t\t\t\t\t\t<div class=\"elementor-element elementor-element-24281752 elementor-widget elementor-widget-heading\" data-id=\"24281752\" data-element_type=\"widget\" data-e-type=\"widget\" data-widget_type=\"heading.default\">\n\t\t\t\t<div class=\"elementor-widget-container\">\n\t\t\t\t\t<h1 class=\"elementor-heading-title elementor-size-default\">Omar il Sardo<\/h1>\t\t\t\t<\/div>\n\t\t\t\t<\/div>\n\t\t\t\t<div class=\"elementor-element elementor-element-622c1190 elementor-widget__width-initial elementor-widget elementor-widget-heading\" data-id=\"622c1190\" data-element_type=\"widget\" data-e-type=\"widget\" data-widget_type=\"heading.default\">\n\t\t\t\t<div class=\"elementor-widget-container\">\n\t\t\t\t\t<h2 class=\"elementor-heading-title elementor-size-default\">Un nuovo romanzo storico d'avventura di Gabriele Mistrangelo.\n\nEsistono luoghi dove la Storia non \u00e8 fatta solo di grandi battaglie campali, ma di sguardi rivolti all\u2019orizzonte e di gesti quotidiani che profumano di resilienza. Arbatax, anno di Grazia 1554, \u00e8 uno di questi luoghi.<\/h2>\t\t\t\t<\/div>\n\t\t\t\t<\/div>\n\t\t\t\t<div class=\"elementor-element elementor-element-7d7a290c elementor-widget__width-initial elementor-widget elementor-widget-button\" data-id=\"7d7a290c\" data-element_type=\"widget\" data-e-type=\"widget\" data-widget_type=\"button.default\">\n\t\t\t\t<div class=\"elementor-widget-container\">\n\t\t\t\t\t\t\t\t\t<div class=\"elementor-button-wrapper\">\n\t\t\t\t\t<a class=\"elementor-button elementor-button-link elementor-size-sm\" href=\"https:\/\/www.comunicabooksedizioni.it\/Home\/2026\/03\/20\/omar-il-sardo\/\">\n\t\t\t\t\t\t<span class=\"elementor-button-content-wrapper\">\n\t\t\t\t\t\t\t\t\t<span class=\"elementor-button-text\">Vai all'articolo \u27f6<\/span>\n\t\t\t\t\t<\/span>\n\t\t\t\t\t<\/a>\n\t\t\t\t<\/div>\n\t\t\t\t\t\t\t\t<\/div>\n\t\t\t\t<\/div>\n\t\t\t\t\t<\/div>\n\t\t<\/div>\n\t\t\t\t\t<\/div>\n\t\t<\/section>\n\t\t\t\t\t<\/div>\n\t\t<\/div>\n\t\t\t\t<div class=\"elementor-column elementor-col-50 elementor-top-column elementor-element elementor-element-7574472b\" data-id=\"7574472b\" data-element_type=\"column\" data-e-type=\"column\" data-settings=\"{&quot;background_background&quot;:&quot;classic&quot;,&quot;animation&quot;:&quot;none&quot;}\">\n\t\t\t<div class=\"elementor-widget-wrap elementor-element-populated\">\n\t\t\t\t\t\t<div class=\"elementor-element elementor-element-39c311c2 elementor-widget elementor-widget-image\" data-id=\"39c311c2\" data-element_type=\"widget\" data-e-type=\"widget\" data-settings=\"{&quot;_animation&quot;:&quot;none&quot;}\" data-widget_type=\"image.default\">\n\t\t\t\t<div class=\"elementor-widget-container\">\n\t\t\t\t\t\t\t\t\t\t\t\t\t\t\t<img decoding=\"async\" src=\"https:\/\/www.comunicabooksedizioni.it\/wp-content\/uploads\/elementor\/thumbs\/Omar-il-Sardo-2-rkxl5xi5yl6lbp4u8c30gmp4wor0c7tu64pnx3ecim.jpg\" title=\"Omar-il-Sardo\" alt=\"Omar-il-Sardo\" loading=\"lazy\" \/>\t\t\t\t\t\t\t\t\t\t\t\t\t\t\t<\/div>\n\t\t\t\t<\/div>\n\t\t\t\t\t<\/div>\n\t\t<\/div>\n\t\t\t\t\t<\/div>\n\t\t<\/section>\n\t\t\t\t<\/div>\n\t\t\t\t\t\t\t<\/div>\n\t\t\t\t\t\t\t\t\t<\/div>\n\t\t\t\t\t\t<div class=\"elementor-testimonial__footer\">\n\t\t\t\t\t\t\t\t\t\t\t<\/div>\n\t\t<\/div>\n\t\t\t\t\t\t\t\t<\/div>\n\t\t\t\t\t\t\t\t\t\t\t<div class=\"swiper-slide\" role=\"group\" aria-roledescription=\"slide\">\n\t\t\t\t\t\t\t\t\t<div class=\"elementor-testimonial\">\n\t\t\t\t\t\t\t<div class=\"elementor-testimonial__content\">\n\t\t\t\t\t<div class=\"elementor-testimonial__text\">\n\t\t\t\t\t\t\t\t<div data-elementor-type=\"single-page\" data-elementor-id=\"16662\" class=\"elementor elementor-16662\" data-elementor-post-type=\"elementor_library\">\n\t\t\t\t\t<section class=\"elementor-section elementor-top-section elementor-element elementor-element-1be35d77 elementor-section-full_width elementor-section-height-min-height elementor-section-items-stretch elementor-section-content-bottom elementor-section-height-default\" data-id=\"1be35d77\" data-element_type=\"section\" data-e-type=\"section\" data-settings=\"{&quot;background_background&quot;:&quot;classic&quot;}\">\n\t\t\t\t\t\t\t<div class=\"elementor-background-overlay\"><\/div>\n\t\t\t\t\t\t\t<div class=\"elementor-container elementor-column-gap-no\">\n\t\t\t\t\t<div class=\"elementor-column elementor-col-50 elementor-top-column elementor-element elementor-element-301f1b43 animated-fast\" data-id=\"301f1b43\" data-element_type=\"column\" data-e-type=\"column\" data-settings=\"{&quot;background_background&quot;:&quot;classic&quot;,&quot;animation&quot;:&quot;none&quot;}\">\n\t\t\t<div class=\"elementor-widget-wrap elementor-element-populated\">\n\t\t\t\t\t\t<div class=\"elementor-element elementor-element-4a58c62e elementor-widget elementor-widget-heading\" data-id=\"4a58c62e\" data-element_type=\"widget\" data-e-type=\"widget\" data-widget_type=\"heading.default\">\n\t\t\t\t<div class=\"elementor-widget-container\">\n\t\t\t\t\t<h1 class=\"elementor-heading-title elementor-size-default\">Alberi Senza Radici<\/h1>\t\t\t\t<\/div>\n\t\t\t\t<\/div>\n\t\t\t\t<div class=\"elementor-element elementor-element-3c558b3b elementor-widget__width-initial elementor-widget elementor-widget-heading\" data-id=\"3c558b3b\" data-element_type=\"widget\" data-e-type=\"widget\" data-widget_type=\"heading.default\">\n\t\t\t\t<div class=\"elementor-widget-container\">\n\t\t\t\t\t<h2 class=\"elementor-heading-title elementor-size-default\">Non ha mai smesso di cercare un posto\nda chiamare casa.\nTra due mondi, due lingue e due identit\u00e0 \nKarima Abdel Razek ha scelto di raccontare la sua verit\u00e0.\n\nAlberi senza radici \u00e8 il frutto di quella ricerca:\nun messaggio per chiunque abbia dovuto lottare \nper riscrivere il proprio destino.\n\nNon cercavo commiserazione. Cercavo riscatto. Non volevo fare pace con il passato, ma affermare chi sono diventata nonostante tutto.\nQuesta \u00e8 la storia di una ragazza strappata alla propria vita, costretta a rinascere in un mondo che non aveva scelto. Una storia per chi ha conosciuto il dolore, ma ha scelto comunque di combattere.\n\u00c8 un viaggio di rabbia, amore, identit\u00e0 e resilienza. Scrivere questo libro \u00e8 stato come urlare dopo anni di silenzio. \nPer tutte le donne che non si arrendono.\nPer chi non ha mai avuto radici, ma ha imparato a fiorire lo stesso.<\/h2>\t\t\t\t<\/div>\n\t\t\t\t<\/div>\n\t\t\t\t<div class=\"elementor-element elementor-element-561b563c elementor-widget elementor-widget-button\" data-id=\"561b563c\" data-element_type=\"widget\" data-e-type=\"widget\" data-widget_type=\"button.default\">\n\t\t\t\t<div class=\"elementor-widget-container\">\n\t\t\t\t\t\t\t\t\t<div class=\"elementor-button-wrapper\">\n\t\t\t\t\t<a class=\"elementor-button elementor-button-link elementor-size-sm\" href=\"https:\/\/www.comunicabooksedizioni.it\/Home\/prodotto\/alberi-senza-radici\/\">\n\t\t\t\t\t\t<span class=\"elementor-button-content-wrapper\">\n\t\t\t\t\t\t\t\t\t<span class=\"elementor-button-text\">Aggiungi alla tua libreria \u27f6<\/span>\n\t\t\t\t\t<\/span>\n\t\t\t\t\t<\/a>\n\t\t\t\t<\/div>\n\t\t\t\t\t\t\t\t<\/div>\n\t\t\t\t<\/div>\n\t\t\t\t\t<\/div>\n\t\t<\/div>\n\t\t\t\t<div class=\"elementor-column elementor-col-50 elementor-top-column elementor-element elementor-element-6d046e31\" data-id=\"6d046e31\" data-element_type=\"column\" data-e-type=\"column\" data-settings=\"{&quot;background_background&quot;:&quot;classic&quot;,&quot;animation&quot;:&quot;none&quot;}\">\n\t\t\t<div class=\"elementor-widget-wrap elementor-element-populated\">\n\t\t\t\t\t\t<div class=\"elementor-element elementor-element-6cb27c0a animated-fast elementor-widget elementor-widget-image\" data-id=\"6cb27c0a\" data-element_type=\"widget\" data-e-type=\"widget\" data-settings=\"{&quot;_animation&quot;:&quot;none&quot;}\" data-widget_type=\"image.default\">\n\t\t\t\t<div class=\"elementor-widget-container\">\n\t\t\t\t\t\t\t\t\t\t\t\t\t\t\t<img decoding=\"async\" src=\"https:\/\/www.comunicabooksedizioni.it\/wp-content\/uploads\/elementor\/thumbs\/Alberi-senza-radici-rfiy89s59zq8rwfimen99f7ihnm53i93jt1knpegh0.jpg\" title=\"Alberi senza radici\" alt=\"Alberi senza radici\" loading=\"lazy\" \/>\t\t\t\t\t\t\t\t\t\t\t\t\t\t\t<\/div>\n\t\t\t\t<\/div>\n\t\t\t\t\t<\/div>\n\t\t<\/div>\n\t\t\t\t\t<\/div>\n\t\t<\/section>\n\t\t\t\t<\/div>\n\t\t\t\t\t\t\t<\/div>\n\t\t\t\t\t\t\t\t\t<\/div>\n\t\t\t\t\t\t<div class=\"elementor-testimonial__footer\">\n\t\t\t\t\t\t\t\t\t\t\t<\/div>\n\t\t<\/div>\n\t\t\t\t\t\t\t\t<\/div>\n\t\t\t\t\t\t\t\t\t\t\t<div class=\"swiper-slide\" role=\"group\" aria-roledescription=\"slide\">\n\t\t\t\t\t\t\t\t\t<div class=\"elementor-testimonial\">\n\t\t\t\t\t\t\t<div class=\"elementor-testimonial__content\">\n\t\t\t\t\t<div class=\"elementor-testimonial__text\">\n\t\t\t\t\t\t\t\t<div data-elementor-type=\"single-page\" data-elementor-id=\"16665\" class=\"elementor elementor-16665\" data-elementor-post-type=\"elementor_library\">\n\t\t\t\t\t<section class=\"elementor-section elementor-top-section elementor-element elementor-element-72e57769 elementor-section-full_width elementor-section-height-min-height elementor-section-items-stretch elementor-section-content-middle elementor-section-height-default\" data-id=\"72e57769\" data-element_type=\"section\" data-e-type=\"section\" data-settings=\"{&quot;background_background&quot;:&quot;classic&quot;}\">\n\t\t\t\t\t\t\t<div class=\"elementor-background-overlay\"><\/div>\n\t\t\t\t\t\t\t<div class=\"elementor-container elementor-column-gap-no\">\n\t\t\t\t\t<div class=\"elementor-column elementor-col-50 elementor-top-column elementor-element elementor-element-b1e4c7a animated-fast\" data-id=\"b1e4c7a\" data-element_type=\"column\" data-e-type=\"column\" data-settings=\"{&quot;background_background&quot;:&quot;classic&quot;,&quot;animation&quot;:&quot;none&quot;}\">\n\t\t\t<div class=\"elementor-widget-wrap elementor-element-populated\">\n\t\t\t\t\t\t<div class=\"elementor-element elementor-element-153ae718 elementor-widget elementor-widget-heading\" data-id=\"153ae718\" data-element_type=\"widget\" data-e-type=\"widget\" data-widget_type=\"heading.default\">\n\t\t\t\t<div class=\"elementor-widget-container\">\n\t\t\t\t\t<h1 class=\"elementor-heading-title elementor-size-default\">Io e Clay. Un'amicizia ad alta velocit\u00e0<\/h1>\t\t\t\t<\/div>\n\t\t\t\t<\/div>\n\t\t\t\t<div class=\"elementor-element elementor-element-65773e86 elementor-widget__width-initial elementor-widget elementor-widget-heading\" data-id=\"65773e86\" data-element_type=\"widget\" data-e-type=\"widget\" data-widget_type=\"heading.default\">\n\t\t\t\t<div class=\"elementor-widget-container\">\n\t\t\t\t\t<h2 class=\"elementor-heading-title elementor-size-default\">Cosa succede quando un eroe della velocit\u00e0 perde l\u2019uso delle gambe, ma non la voglia di correre?\u2028Dall\u2019incontro tra il leggendario pilota &nbsp;<b>Clay Regazzoni<\/b>&nbsp;e il suo &nbsp;<b>fan pi\u00f9 testardo<\/b>&nbsp;\u00e8 nato un legame indissolubile durato pi\u00f9 di trent\u2019anni.\n<\/h2>\t\t\t\t<\/div>\n\t\t\t\t<\/div>\n\t\t\t\t<div class=\"elementor-element elementor-element-40edd9c6 elementor-widget elementor-widget-button\" data-id=\"40edd9c6\" data-element_type=\"widget\" data-e-type=\"widget\" data-widget_type=\"button.default\">\n\t\t\t\t<div class=\"elementor-widget-container\">\n\t\t\t\t\t\t\t\t\t<div class=\"elementor-button-wrapper\">\n\t\t\t\t\t<a class=\"elementor-button elementor-button-link elementor-size-sm\" href=\"https:\/\/www.comunicabooksedizioni.it\/Home\/prodotto\/io-e-clay-unamicizia-ad-alta-velocita\/\">\n\t\t\t\t\t\t<span class=\"elementor-button-content-wrapper\">\n\t\t\t\t\t\t\t\t\t<span class=\"elementor-button-text\">Aggiungi alla tua libreria  \u27f6<\/span>\n\t\t\t\t\t<\/span>\n\t\t\t\t\t<\/a>\n\t\t\t\t<\/div>\n\t\t\t\t\t\t\t\t<\/div>\n\t\t\t\t<\/div>\n\t\t\t\t\t<\/div>\n\t\t<\/div>\n\t\t\t\t<div class=\"elementor-column elementor-col-50 elementor-top-column elementor-element elementor-element-132d2daa\" data-id=\"132d2daa\" data-element_type=\"column\" data-e-type=\"column\" data-settings=\"{&quot;background_background&quot;:&quot;classic&quot;,&quot;animation&quot;:&quot;none&quot;}\">\n\t\t\t<div class=\"elementor-widget-wrap elementor-element-populated\">\n\t\t\t\t\t\t<div class=\"elementor-element elementor-element-7ef1d41a animated-fast elementor-widget__width-initial elementor-widget elementor-widget-image\" data-id=\"7ef1d41a\" data-element_type=\"widget\" data-e-type=\"widget\" data-settings=\"{&quot;_animation&quot;:&quot;none&quot;}\" data-widget_type=\"image.default\">\n\t\t\t\t<div class=\"elementor-widget-container\">\n\t\t\t\t\t\t\t\t\t\t\t\t\t\t\t<img decoding=\"async\" src=\"https:\/\/www.comunicabooksedizioni.it\/wp-content\/uploads\/elementor\/thumbs\/Io-e-Clay-1-rmq8dvrb8kxlf4o8pjyuw0qv66fpo5ihnyhyb4y5es.jpg\" title=\"Io-e-Clay\" alt=\"Io-e-Clay\" loading=\"lazy\" \/>\t\t\t\t\t\t\t\t\t\t\t\t\t\t\t<\/div>\n\t\t\t\t<\/div>\n\t\t\t\t\t<\/div>\n\t\t<\/div>\n\t\t\t\t\t<\/div>\n\t\t<\/section>\n\t\t\t\t<\/div>\n\t\t\t\t\t\t\t<\/div>\n\t\t\t\t\t\t\t\t\t<\/div>\n\t\t\t\t\t\t<div class=\"elementor-testimonial__footer\">\n\t\t\t\t\t\t\t\t\t\t\t<\/div>\n\t\t<\/div>\n\t\t\t\t\t\t\t\t<\/div>\n\t\t\t\t\t\t\t\t\t<\/div>\n\t\t\t\t\t\t\t\t\t\t\t\t\t\t\t\t\t\t\t\t\t<\/div>\n\t\t\t\t<\/div>\n\t\t\t\t\t\t\t\t<\/div>\n\t\t\t\t<\/div>\n\t\t\t\t<section class=\"elementor-section elementor-inner-section elementor-element elementor-element-6cd929ad elementor-section-full_width elementor-section-height-default elementor-section-height-default\" data-id=\"6cd929ad\" data-element_type=\"section\" data-e-type=\"section\">\n\t\t\t\t\t\t<div class=\"elementor-container elementor-column-gap-no\">\n\t\t\t\t\t<div class=\"elementor-column elementor-col-100 elementor-inner-column elementor-element elementor-element-7122ec3e\" data-id=\"7122ec3e\" data-element_type=\"column\" data-e-type=\"column\">\n\t\t\t<div class=\"elementor-widget-wrap elementor-element-populated\">\n\t\t\t\t\t\t<div class=\"elementor-element elementor-element-32bae35f elementor-widget elementor-widget-heading\" data-id=\"32bae35f\" data-element_type=\"widget\" data-e-type=\"widget\" data-widget_type=\"heading.default\">\n\t\t\t\t<div class=\"elementor-widget-container\">\n\t\t\t\t\t<h2 class=\"elementor-heading-title elementor-size-default\">Catalogo<\/h2>\t\t\t\t<\/div>\n\t\t\t\t<\/div>\n\t\t\t\t<div class=\"elementor-element elementor-element-70072eca elementor-widget__width-inherit elementor-widget-divider--view-line elementor-widget elementor-widget-divider\" data-id=\"70072eca\" data-element_type=\"widget\" data-e-type=\"widget\" data-widget_type=\"divider.default\">\n\t\t\t\t<div class=\"elementor-widget-container\">\n\t\t\t\t\t\t\t<div class=\"elementor-divider\">\n\t\t\t<span class=\"elementor-divider-separator\">\n\t\t\t\t\t\t<\/span>\n\t\t<\/div>\n\t\t\t\t\t\t<\/div>\n\t\t\t\t<\/div>\n\t\t\t\t<div class=\"elementor-element elementor-element-625caeb9 elementor-widget__width-auto elementor-widget elementor-widget-heading\" data-id=\"625caeb9\" data-element_type=\"widget\" data-e-type=\"widget\" data-widget_type=\"heading.default\">\n\t\t\t\t<div class=\"elementor-widget-container\">\n\t\t\t\t\t<h2 class=\"elementor-heading-title elementor-size-default\">La nostra<\/h2>\t\t\t\t<\/div>\n\t\t\t\t<\/div>\n\t\t\t\t<div class=\"elementor-element elementor-element-43de0852 elementor-widget__width-initial elementor-widget elementor-widget-heading\" data-id=\"43de0852\" data-element_type=\"widget\" data-e-type=\"widget\" data-widget_type=\"heading.default\">\n\t\t\t\t<div class=\"elementor-widget-container\">\n\t\t\t\t\t<h2 class=\"elementor-heading-title elementor-size-default\">Libreria<\/h2>\t\t\t\t<\/div>\n\t\t\t\t<\/div>\n\t\t\t\t<div class=\"elementor-element elementor-element-6ecccc7c elementor-widget__width-inherit elementor-widget-divider--view-line elementor-widget elementor-widget-divider\" data-id=\"6ecccc7c\" data-element_type=\"widget\" data-e-type=\"widget\" data-widget_type=\"divider.default\">\n\t\t\t\t<div class=\"elementor-widget-container\">\n\t\t\t\t\t\t\t<div class=\"elementor-divider\">\n\t\t\t<span class=\"elementor-divider-separator\">\n\t\t\t\t\t\t<\/span>\n\t\t<\/div>\n\t\t\t\t\t\t<\/div>\n\t\t\t\t<\/div>\n\t\t\t\t<div class=\"elementor-element elementor-element-69ac87aa elementor-widget__width-inherit elementor-widget-divider--view-line elementor-widget elementor-widget-divider\" data-id=\"69ac87aa\" data-element_type=\"widget\" data-e-type=\"widget\" data-widget_type=\"divider.default\">\n\t\t\t\t<div class=\"elementor-widget-container\">\n\t\t\t\t\t\t\t<div class=\"elementor-divider\">\n\t\t\t<span class=\"elementor-divider-separator\">\n\t\t\t\t\t\t<\/span>\n\t\t<\/div>\n\t\t\t\t\t\t<\/div>\n\t\t\t\t<\/div>\n\t\t\t\t\t<\/div>\n\t\t<\/div>\n\t\t\t\t\t<\/div>\n\t\t<\/section>\n\t\t\t\t\t<\/div>\n\t\t<\/div>\n\t\t\t\t\t<\/div>\n\t\t<\/section>\n\t\t\t\t<section class=\"elementor-section elementor-top-section elementor-element elementor-element-28ec37a3 elementor-section-boxed elementor-section-height-default elementor-section-height-default\" data-id=\"28ec37a3\" data-element_type=\"section\" data-e-type=\"section\">\n\t\t\t\t\t\t<div class=\"elementor-container elementor-column-gap-no\">\n\t\t\t\t\t<div class=\"elementor-column elementor-col-100 elementor-top-column elementor-element elementor-element-36b6cf5\" data-id=\"36b6cf5\" data-element_type=\"column\" data-e-type=\"column\">\n\t\t\t<div class=\"elementor-widget-wrap elementor-element-populated\">\n\t\t\t\t\t\t<div class=\"elementor-element elementor-element-68129ebc elementor-grid-mobile-2 elementor-product-loop-item--align-center elementor-product-loop-item--align-left elementor-product-loop-item--align-left elementor-grid-tablet-3 elementor-grid-6 elementor-products-grid elementor-wc-products elementor-widget elementor-widget-woocommerce-products\" data-id=\"68129ebc\" data-element_type=\"widget\" data-e-type=\"widget\" data-widget_type=\"woocommerce-products.default\">\n\t\t\t\t<div class=\"elementor-widget-container\">\n\t\t\t\t\t<div class=\"woocommerce columns-6 \"><ul class=\"products elementor-grid columns-6\">\n<li class=\"product type-product post-18126 status-publish first instock product_cat-romanzo product_cat-sport product_cat-storie product_tag-clay-regazzoni product_tag-formula1 product_tag-giacomo-tansini product_tag-minardi has-post-thumbnail taxable shipping-taxable purchasable product-type-simple\">\r\n\r\n\t\r\n    <div class=\"product_thumbnail_wrapper \">\r\n\r\n\t\t<a href=\"https:\/\/www.comunicabooksedizioni.it\/Home\/prodotto\/io-e-clay-unamicizia-ad-alta-velocita\/\" class=\"woocommerce-LoopProduct-link woocommerce-loop-product__link\">\r\n\r\n\t        <div class=\"product_thumbnail with_second_image\">\r\n\t            <img fetchpriority=\"high\" decoding=\"async\" width=\"350\" height=\"435\" src=\"https:\/\/www.comunicabooksedizioni.it\/wp-content\/uploads\/2026\/04\/io_e_Clay-1-350x435.jpg\" class=\"attachment-woocommerce_thumbnail size-woocommerce_thumbnail\" alt=\"Io e Clay. Un&#039;amicizia ad alta velocit\u00e0\" srcset=\"https:\/\/www.comunicabooksedizioni.it\/wp-content\/uploads\/2026\/04\/io_e_Clay-1-350x435.jpg 350w, https:\/\/www.comunicabooksedizioni.it\/wp-content\/uploads\/2026\/04\/io_e_Clay-1-242x300.jpg 242w, https:\/\/www.comunicabooksedizioni.it\/wp-content\/uploads\/2026\/04\/io_e_Clay-1.jpg 850w\" sizes=\"(max-width: 350px) 100vw, 350px\" \/>\t            \t            \t<span class=\"product_thumbnail_background\" style=\"background-image:url(https:\/\/www.comunicabooksedizioni.it\/wp-content\/uploads\/2026\/04\/Io_e_Clay_Quarta-350x435.jpg)\"><\/span>\r\n\t        \t\t        <\/div><!--.product_thumbnail-->\r\n\t\t<\/a>\r\n\r\n\t\t\t\t\t\t\t\r\n\t\t\r\n\t\t        <div class=\"product_thumbnail_icons\">\r\n            <div class=\"yith-add-to-wishlist-button-block\" data-product-id=\"18126\" data-attributes=\"{&quot;kind&quot;:&quot;button&quot;}\"><\/div>        <\/div>\r\n    \r\n\t\t\r\n    <\/div><!--.product_thumbnail_wrapper-->\r\n\r\n    \r\n\t<h2 class=\"woocommerce-loop-product__title\">\r\n\t\t<a href=\"https:\/\/www.comunicabooksedizioni.it\/Home\/prodotto\/io-e-clay-unamicizia-ad-alta-velocita\/\">Io e Clay. Un&#8217;amicizia ad alta velocit\u00e0<\/a>\r\n\t<\/h2>\r\n\r\n\t\r\n        <div class=\"product_after_shop_loop\">\r\n        <div class=\"product_after_shop_loop_switcher\">\r\n    \r\n            \n\t<span class=\"price\"><span class=\"woocommerce-Price-amount amount\"><bdi>18,00&nbsp;<span class=\"woocommerce-Price-currencySymbol\" translate=\"no\">&euro;<\/span><\/bdi><\/span><\/span>\n<a href=\"\/Home\/wp-json\/wp\/v2\/pages\/17254?add-to-cart=18126\" aria-describedby=\"woocommerce_loop_add_to_cart_link_describedby_18126\" data-quantity=\"1\" class=\"button product_type_simple add_to_cart_button ajax_add_to_cart\" data-product_id=\"18126\" data-product_sku=\"\" aria-label=\"Aggiungi al carrello: &quot;Io e Clay. Un&#039;amicizia ad alta velocit\u00e0&quot;\" rel=\"nofollow\" data-success_message=\"&quot;Io e Clay. Un&#039;amicizia ad alta velocit\u00e0&quot; \u00e8 stato aggiunto al tuo carrello\" role=\"button\">Aggiungi al carrello<\/a>\t<span id=\"woocommerce_loop_add_to_cart_link_describedby_18126\" class=\"screen-reader-text\">\n\t\t\t<\/span>\n\r\n            <\/div>\r\n    <\/div>\r\n    \r\n\t\r\n<\/li>\r\n<li class=\"product type-product post-18101 status-publish instock product_cat-senza-categoria product_tag-79 product_tag-barbareschi product_tag-dragut product_tag-turchi has-post-thumbnail taxable shipping-taxable purchasable product-type-simple\">\r\n\r\n\t\r\n    <div class=\"product_thumbnail_wrapper \">\r\n\r\n\t\t<a href=\"https:\/\/www.comunicabooksedizioni.it\/Home\/prodotto\/omar-il-sardo-verso-lalgeria\/\" class=\"woocommerce-LoopProduct-link woocommerce-loop-product__link\">\r\n\r\n\t        <div class=\"product_thumbnail with_second_image\">\r\n\t            <img decoding=\"async\" width=\"350\" height=\"435\" src=\"https:\/\/www.comunicabooksedizioni.it\/wp-content\/uploads\/2026\/03\/Omar_il_Sardo-Romanzo-350x435.jpg\" class=\"attachment-woocommerce_thumbnail size-woocommerce_thumbnail\" alt=\"Omar il Sardo - Verso l&#039;Algeria\" srcset=\"https:\/\/www.comunicabooksedizioni.it\/wp-content\/uploads\/2026\/03\/Omar_il_Sardo-Romanzo-350x435.jpg 350w, https:\/\/www.comunicabooksedizioni.it\/wp-content\/uploads\/2026\/03\/Omar_il_Sardo-Romanzo-242x300.jpg 242w\" sizes=\"(max-width: 350px) 100vw, 350px\" \/>\t            \t            \t<span class=\"product_thumbnail_background\" style=\"background-image:url(https:\/\/www.comunicabooksedizioni.it\/wp-content\/uploads\/2026\/03\/Omar_il_Sardo-Quarta-350x435.jpg)\"><\/span>\r\n\t        \t\t        <\/div><!--.product_thumbnail-->\r\n\t\t<\/a>\r\n\r\n\t\t\t\t\t\t\t\r\n\t\t\r\n\t\t        <div class=\"product_thumbnail_icons\">\r\n            <div class=\"yith-add-to-wishlist-button-block\" data-product-id=\"18101\" data-attributes=\"{&quot;kind&quot;:&quot;button&quot;}\"><\/div>        <\/div>\r\n    \r\n\t\t\r\n    <\/div><!--.product_thumbnail_wrapper-->\r\n\r\n    \r\n\t<h2 class=\"woocommerce-loop-product__title\">\r\n\t\t<a href=\"https:\/\/www.comunicabooksedizioni.it\/Home\/prodotto\/omar-il-sardo-verso-lalgeria\/\">Omar il Sardo &#8211; Verso l&#8217;Algeria<\/a>\r\n\t<\/h2>\r\n\r\n\t\r\n        <div class=\"product_after_shop_loop\">\r\n        <div class=\"product_after_shop_loop_switcher\">\r\n    \r\n            \n\t<span class=\"price\"><span class=\"woocommerce-Price-amount amount\"><bdi>16,00&nbsp;<span class=\"woocommerce-Price-currencySymbol\" translate=\"no\">&euro;<\/span><\/bdi><\/span><\/span>\n<a href=\"\/Home\/wp-json\/wp\/v2\/pages\/17254?add-to-cart=18101\" aria-describedby=\"woocommerce_loop_add_to_cart_link_describedby_18101\" data-quantity=\"1\" class=\"button product_type_simple add_to_cart_button ajax_add_to_cart\" data-product_id=\"18101\" data-product_sku=\"\" aria-label=\"Aggiungi al carrello: &quot;Omar il Sardo - Verso l&#039;Algeria&quot;\" rel=\"nofollow\" data-success_message=\"&quot;Omar il Sardo - Verso l&#039;Algeria&quot; \u00e8 stato aggiunto al tuo carrello\" role=\"button\">Aggiungi al carrello<\/a>\t<span id=\"woocommerce_loop_add_to_cart_link_describedby_18101\" class=\"screen-reader-text\">\n\t\t\t<\/span>\n\r\n            <\/div>\r\n    <\/div>\r\n    \r\n\t\r\n<\/li>\r\n<li class=\"product type-product post-18031 status-publish instock product_cat-romanzo product_cat-storie has-post-thumbnail taxable shipping-taxable purchasable product-type-simple\">\r\n\r\n\t\r\n    <div class=\"product_thumbnail_wrapper \">\r\n\r\n\t\t<a href=\"https:\/\/www.comunicabooksedizioni.it\/Home\/prodotto\/alberi-senza-radici\/\" class=\"woocommerce-LoopProduct-link woocommerce-loop-product__link\">\r\n\r\n\t        <div class=\"product_thumbnail with_second_image\">\r\n\t            <img decoding=\"async\" width=\"350\" height=\"435\" src=\"https:\/\/www.comunicabooksedizioni.it\/wp-content\/uploads\/2025\/12\/Alberi_Senza_Radici_cop-350x435.jpg\" class=\"attachment-woocommerce_thumbnail size-woocommerce_thumbnail\" alt=\"Alberi Senza Radici\" srcset=\"https:\/\/www.comunicabooksedizioni.it\/wp-content\/uploads\/2025\/12\/Alberi_Senza_Radici_cop-350x435.jpg 350w, https:\/\/www.comunicabooksedizioni.it\/wp-content\/uploads\/2025\/12\/Alberi_Senza_Radici_cop-242x300.jpg 242w\" sizes=\"(max-width: 350px) 100vw, 350px\" \/>\t            \t            \t<span class=\"product_thumbnail_background\" style=\"background-image:url(https:\/\/www.comunicabooksedizioni.it\/wp-content\/uploads\/2025\/12\/Alberi_Senza_Radici_Quarta-350x435.jpg)\"><\/span>\r\n\t        \t\t        <\/div><!--.product_thumbnail-->\r\n\t\t<\/a>\r\n\r\n\t\t\t\t\t\t\t\r\n\t\t\r\n\t\t        <div class=\"product_thumbnail_icons\">\r\n            <div class=\"yith-add-to-wishlist-button-block\" data-product-id=\"18031\" data-attributes=\"{&quot;kind&quot;:&quot;button&quot;}\"><\/div>        <\/div>\r\n    \r\n\t\t\r\n    <\/div><!--.product_thumbnail_wrapper-->\r\n\r\n    \r\n\t<h2 class=\"woocommerce-loop-product__title\">\r\n\t\t<a href=\"https:\/\/www.comunicabooksedizioni.it\/Home\/prodotto\/alberi-senza-radici\/\">Alberi Senza Radici<\/a>\r\n\t<\/h2>\r\n\r\n\t\r\n        <div class=\"product_after_shop_loop\">\r\n        <div class=\"product_after_shop_loop_switcher\">\r\n    \r\n            \n\t<span class=\"price\"><span class=\"woocommerce-Price-amount amount\"><bdi>14,00&nbsp;<span class=\"woocommerce-Price-currencySymbol\" translate=\"no\">&euro;<\/span><\/bdi><\/span><\/span>\n<a href=\"\/Home\/wp-json\/wp\/v2\/pages\/17254?add-to-cart=18031\" aria-describedby=\"woocommerce_loop_add_to_cart_link_describedby_18031\" data-quantity=\"1\" class=\"button product_type_simple add_to_cart_button ajax_add_to_cart\" data-product_id=\"18031\" data-product_sku=\"\" aria-label=\"Aggiungi al carrello: &quot;Alberi Senza Radici&quot;\" rel=\"nofollow\" data-success_message=\"&quot;Alberi Senza Radici&quot; \u00e8 stato aggiunto al tuo carrello\" role=\"button\">Aggiungi al carrello<\/a>\t<span id=\"woocommerce_loop_add_to_cart_link_describedby_18031\" class=\"screen-reader-text\">\n\t\t\t<\/span>\n\r\n            <\/div>\r\n    <\/div>\r\n    \r\n\t\r\n<\/li>\r\n<li class=\"product type-product post-18027 status-publish instock product_cat-teatro product_tag-dramma product_tag-teatro has-post-thumbnail taxable shipping-taxable purchasable product-type-simple\">\r\n\r\n\t\r\n    <div class=\"product_thumbnail_wrapper \">\r\n\r\n\t\t<a href=\"https:\/\/www.comunicabooksedizioni.it\/Home\/prodotto\/uno-degli-ultimi\/\" class=\"woocommerce-LoopProduct-link woocommerce-loop-product__link\">\r\n\r\n\t        <div class=\"product_thumbnail with_second_image\">\r\n\t            <img loading=\"lazy\" decoding=\"async\" width=\"350\" height=\"435\" src=\"https:\/\/www.comunicabooksedizioni.it\/wp-content\/uploads\/2025\/12\/Uno_degli_Ultimi_Cop-350x435.jpg\" class=\"attachment-woocommerce_thumbnail size-woocommerce_thumbnail\" alt=\"Uno degli Ultimi\" srcset=\"https:\/\/www.comunicabooksedizioni.it\/wp-content\/uploads\/2025\/12\/Uno_degli_Ultimi_Cop-350x435.jpg 350w, https:\/\/www.comunicabooksedizioni.it\/wp-content\/uploads\/2025\/12\/Uno_degli_Ultimi_Cop-242x300.jpg 242w\" sizes=\"(max-width: 350px) 100vw, 350px\" \/>\t            \t            \t<span class=\"product_thumbnail_background\" style=\"background-image:url(https:\/\/www.comunicabooksedizioni.it\/wp-content\/uploads\/2025\/12\/Uno_degli_Ultimi_quarta-350x435.jpg)\"><\/span>\r\n\t        \t\t        <\/div><!--.product_thumbnail-->\r\n\t\t<\/a>\r\n\r\n\t\t\t\t\t\t\t\r\n\t\t\r\n\t\t        <div class=\"product_thumbnail_icons\">\r\n            <div class=\"yith-add-to-wishlist-button-block\" data-product-id=\"18027\" data-attributes=\"{&quot;kind&quot;:&quot;button&quot;}\"><\/div>        <\/div>\r\n    \r\n\t\t\r\n    <\/div><!--.product_thumbnail_wrapper-->\r\n\r\n    \r\n\t<h2 class=\"woocommerce-loop-product__title\">\r\n\t\t<a href=\"https:\/\/www.comunicabooksedizioni.it\/Home\/prodotto\/uno-degli-ultimi\/\">Uno degli Ultimi<\/a>\r\n\t<\/h2>\r\n\r\n\t\r\n        <div class=\"product_after_shop_loop\">\r\n        <div class=\"product_after_shop_loop_switcher\">\r\n    \r\n            \n\t<span class=\"price\"><span class=\"woocommerce-Price-amount amount\"><bdi>10,00&nbsp;<span class=\"woocommerce-Price-currencySymbol\" translate=\"no\">&euro;<\/span><\/bdi><\/span><\/span>\n<a href=\"\/Home\/wp-json\/wp\/v2\/pages\/17254?add-to-cart=18027\" aria-describedby=\"woocommerce_loop_add_to_cart_link_describedby_18027\" data-quantity=\"1\" class=\"button product_type_simple add_to_cart_button ajax_add_to_cart\" data-product_id=\"18027\" data-product_sku=\"\" aria-label=\"Aggiungi al carrello: &quot;Uno degli Ultimi&quot;\" rel=\"nofollow\" data-success_message=\"&quot;Uno degli Ultimi&quot; \u00e8 stato aggiunto al tuo carrello\" role=\"button\">Aggiungi al carrello<\/a>\t<span id=\"woocommerce_loop_add_to_cart_link_describedby_18027\" class=\"screen-reader-text\">\n\t\t\t<\/span>\n\r\n            <\/div>\r\n    <\/div>\r\n    \r\n\t\r\n<\/li>\r\n<li class=\"product type-product post-18055 status-publish instock product_cat-senza-categoria has-post-thumbnail taxable shipping-taxable purchasable product-type-simple\">\r\n\r\n\t\r\n    <div class=\"product_thumbnail_wrapper \">\r\n\r\n\t\t<a href=\"https:\/\/www.comunicabooksedizioni.it\/Home\/prodotto\/antologia-di-nuovi-narratori-2025\/\" class=\"woocommerce-LoopProduct-link woocommerce-loop-product__link\">\r\n\r\n\t        <div class=\"product_thumbnail with_second_image\">\r\n\t            <img loading=\"lazy\" decoding=\"async\" width=\"350\" height=\"435\" src=\"https:\/\/www.comunicabooksedizioni.it\/wp-content\/uploads\/2026\/01\/Antologia_Narratori_2025_Cop-350x435.jpg\" class=\"attachment-woocommerce_thumbnail size-woocommerce_thumbnail\" alt=\"Antologia di nuovi narratori - 2025\" srcset=\"https:\/\/www.comunicabooksedizioni.it\/wp-content\/uploads\/2026\/01\/Antologia_Narratori_2025_Cop-350x435.jpg 350w, https:\/\/www.comunicabooksedizioni.it\/wp-content\/uploads\/2026\/01\/Antologia_Narratori_2025_Cop-242x300.jpg 242w\" sizes=\"(max-width: 350px) 100vw, 350px\" \/>\t            \t            \t<span class=\"product_thumbnail_background\" style=\"background-image:url(https:\/\/www.comunicabooksedizioni.it\/wp-content\/uploads\/2026\/01\/Alberi_Senza_Radici_Quarta-350x435.jpg)\"><\/span>\r\n\t        \t\t        <\/div><!--.product_thumbnail-->\r\n\t\t<\/a>\r\n\r\n\t\t\t\t\t\t\t\r\n\t\t\r\n\t\t        <div class=\"product_thumbnail_icons\">\r\n            <div class=\"yith-add-to-wishlist-button-block\" data-product-id=\"18055\" data-attributes=\"{&quot;kind&quot;:&quot;button&quot;}\"><\/div>        <\/div>\r\n    \r\n\t\t\r\n    <\/div><!--.product_thumbnail_wrapper-->\r\n\r\n    \r\n\t<h2 class=\"woocommerce-loop-product__title\">\r\n\t\t<a href=\"https:\/\/www.comunicabooksedizioni.it\/Home\/prodotto\/antologia-di-nuovi-narratori-2025\/\">Antologia di nuovi narratori &#8211; 2025<\/a>\r\n\t<\/h2>\r\n\r\n\t\r\n        <div class=\"product_after_shop_loop\">\r\n        <div class=\"product_after_shop_loop_switcher\">\r\n    \r\n            \n\t<span class=\"price\"><span class=\"woocommerce-Price-amount amount\"><bdi>12,00&nbsp;<span class=\"woocommerce-Price-currencySymbol\" translate=\"no\">&euro;<\/span><\/bdi><\/span><\/span>\n<a href=\"\/Home\/wp-json\/wp\/v2\/pages\/17254?add-to-cart=18055\" aria-describedby=\"woocommerce_loop_add_to_cart_link_describedby_18055\" data-quantity=\"1\" class=\"button product_type_simple add_to_cart_button ajax_add_to_cart\" data-product_id=\"18055\" data-product_sku=\"\" aria-label=\"Aggiungi al carrello: &quot;Antologia di nuovi narratori - 2025&quot;\" rel=\"nofollow\" data-success_message=\"&quot;Antologia di nuovi narratori - 2025&quot; \u00e8 stato aggiunto al tuo carrello\" role=\"button\">Aggiungi al carrello<\/a>\t<span id=\"woocommerce_loop_add_to_cart_link_describedby_18055\" class=\"screen-reader-text\">\n\t\t\t<\/span>\n\r\n            <\/div>\r\n    <\/div>\r\n    \r\n\t\r\n<\/li>\r\n<li class=\"product type-product post-17968 status-publish last instock product_cat-poesia has-post-thumbnail taxable shipping-taxable purchasable product-type-simple\">\r\n\r\n\t\r\n    <div class=\"product_thumbnail_wrapper \">\r\n\r\n\t\t<a href=\"https:\/\/www.comunicabooksedizioni.it\/Home\/prodotto\/elegie-della-memoria\/\" class=\"woocommerce-LoopProduct-link woocommerce-loop-product__link\">\r\n\r\n\t        <div class=\"product_thumbnail with_second_image\">\r\n\t            <img loading=\"lazy\" decoding=\"async\" width=\"350\" height=\"435\" src=\"https:\/\/www.comunicabooksedizioni.it\/wp-content\/uploads\/2025\/10\/Elegie_Memoria_F-350x435.jpg\" class=\"attachment-woocommerce_thumbnail size-woocommerce_thumbnail\" alt=\"Elegie della Memoria\" srcset=\"https:\/\/www.comunicabooksedizioni.it\/wp-content\/uploads\/2025\/10\/Elegie_Memoria_F-350x435.jpg 350w, https:\/\/www.comunicabooksedizioni.it\/wp-content\/uploads\/2025\/10\/Elegie_Memoria_F-242x300.jpg 242w\" sizes=\"(max-width: 350px) 100vw, 350px\" \/>\t            \t            \t<span class=\"product_thumbnail_background\" style=\"background-image:url(https:\/\/www.comunicabooksedizioni.it\/wp-content\/uploads\/2025\/10\/Elegie_Memoria_R-350x435.jpg)\"><\/span>\r\n\t        \t\t        <\/div><!--.product_thumbnail-->\r\n\t\t<\/a>\r\n\r\n\t\t\t\t\t\t\t\r\n\t\t\r\n\t\t        <div class=\"product_thumbnail_icons\">\r\n            <div class=\"yith-add-to-wishlist-button-block\" data-product-id=\"17968\" data-attributes=\"{&quot;kind&quot;:&quot;button&quot;}\"><\/div>        <\/div>\r\n    \r\n\t\t\r\n    <\/div><!--.product_thumbnail_wrapper-->\r\n\r\n    \r\n\t<h2 class=\"woocommerce-loop-product__title\">\r\n\t\t<a href=\"https:\/\/www.comunicabooksedizioni.it\/Home\/prodotto\/elegie-della-memoria\/\">Elegie della Memoria<\/a>\r\n\t<\/h2>\r\n\r\n\t\r\n        <div class=\"product_after_shop_loop\">\r\n        <div class=\"product_after_shop_loop_switcher\">\r\n    \r\n            \n\t<span class=\"price\"><span class=\"woocommerce-Price-amount amount\"><bdi>15,00&nbsp;<span class=\"woocommerce-Price-currencySymbol\" translate=\"no\">&euro;<\/span><\/bdi><\/span><\/span>\n<a href=\"\/Home\/wp-json\/wp\/v2\/pages\/17254?add-to-cart=17968\" aria-describedby=\"woocommerce_loop_add_to_cart_link_describedby_17968\" data-quantity=\"1\" class=\"button product_type_simple add_to_cart_button ajax_add_to_cart\" data-product_id=\"17968\" data-product_sku=\"\" aria-label=\"Aggiungi al carrello: &quot;Elegie della Memoria&quot;\" rel=\"nofollow\" data-success_message=\"&quot;Elegie della Memoria&quot; \u00e8 stato aggiunto al tuo carrello\" role=\"button\">Aggiungi al carrello<\/a>\t<span id=\"woocommerce_loop_add_to_cart_link_describedby_17968\" class=\"screen-reader-text\">\n\t\t\t<\/span>\n\r\n            <\/div>\r\n    <\/div>\r\n    \r\n\t\r\n<\/li>\r\n<li class=\"product type-product post-17651 status-publish first instock product_cat-senza-categoria product_tag-amici-vecchio-cortile product_tag-banda-s-cecilia-paullo product_tag-clay-regazzoni product_tag-paullo product_tag-storia-locale product_tag-toscanini has-post-thumbnail taxable shipping-taxable purchasable product-type-simple\">\r\n\r\n\t\r\n    <div class=\"product_thumbnail_wrapper \">\r\n\r\n\t\t<a href=\"https:\/\/www.comunicabooksedizioni.it\/Home\/prodotto\/paullo-racconta\/\" class=\"woocommerce-LoopProduct-link woocommerce-loop-product__link\">\r\n\r\n\t        <div class=\"product_thumbnail with_second_image\">\r\n\t            <img loading=\"lazy\" decoding=\"async\" width=\"350\" height=\"435\" src=\"https:\/\/www.comunicabooksedizioni.it\/wp-content\/uploads\/2025\/07\/Paullo_Racconta-350x435.jpg\" class=\"attachment-woocommerce_thumbnail size-woocommerce_thumbnail\" alt=\"Paullo racconta - Raccolta n. 1\" srcset=\"https:\/\/www.comunicabooksedizioni.it\/wp-content\/uploads\/2025\/07\/Paullo_Racconta-350x435.jpg 350w, https:\/\/www.comunicabooksedizioni.it\/wp-content\/uploads\/2025\/07\/Paullo_Racconta-242x300.jpg 242w\" sizes=\"(max-width: 350px) 100vw, 350px\" \/>\t            \t            \t<span class=\"product_thumbnail_background\" style=\"background-image:url(https:\/\/www.comunicabooksedizioni.it\/wp-content\/uploads\/2025\/07\/Paullo_Racconta_quarta-350x435.jpg)\"><\/span>\r\n\t        \t\t        <\/div><!--.product_thumbnail-->\r\n\t\t<\/a>\r\n\r\n\t\t\t\t\t\t\t\r\n\t\t\r\n\t\t        <div class=\"product_thumbnail_icons\">\r\n            <div class=\"yith-add-to-wishlist-button-block\" data-product-id=\"17651\" data-attributes=\"{&quot;kind&quot;:&quot;button&quot;}\"><\/div>        <\/div>\r\n    \r\n\t\t\r\n    <\/div><!--.product_thumbnail_wrapper-->\r\n\r\n    \r\n\t<h2 class=\"woocommerce-loop-product__title\">\r\n\t\t<a href=\"https:\/\/www.comunicabooksedizioni.it\/Home\/prodotto\/paullo-racconta\/\">Paullo racconta &#8211; Raccolta n. 1<\/a>\r\n\t<\/h2>\r\n\r\n\t\r\n        <div class=\"product_after_shop_loop\">\r\n        <div class=\"product_after_shop_loop_switcher\">\r\n    \r\n            \n\t<span class=\"price\"><span class=\"woocommerce-Price-amount amount\"><bdi>10,00&nbsp;<span class=\"woocommerce-Price-currencySymbol\" translate=\"no\">&euro;<\/span><\/bdi><\/span><\/span>\n<a href=\"\/Home\/wp-json\/wp\/v2\/pages\/17254?add-to-cart=17651\" aria-describedby=\"woocommerce_loop_add_to_cart_link_describedby_17651\" data-quantity=\"1\" class=\"button product_type_simple add_to_cart_button ajax_add_to_cart\" data-product_id=\"17651\" data-product_sku=\"\" aria-label=\"Aggiungi al carrello: &quot;Paullo racconta - Raccolta n. 1&quot;\" rel=\"nofollow\" data-success_message=\"&quot;Paullo racconta - Raccolta n. 1&quot; \u00e8 stato aggiunto al tuo carrello\" role=\"button\">Aggiungi al carrello<\/a>\t<span id=\"woocommerce_loop_add_to_cart_link_describedby_17651\" class=\"screen-reader-text\">\n\t\t\t<\/span>\n\r\n            <\/div>\r\n    <\/div>\r\n    \r\n\t\r\n<\/li>\r\n<li class=\"product type-product post-16615 status-publish instock product_cat-books product_tag-paullo product_tag-san-colombano product_tag-storia-locale has-post-thumbnail taxable shipping-taxable purchasable product-type-simple\">\r\n\r\n\t\r\n    <div class=\"product_thumbnail_wrapper \">\r\n\r\n\t\t<a href=\"https:\/\/www.comunicabooksedizioni.it\/Home\/prodotto\/colombano-e-la-fondazione-di-un-monastero-a-paullo\/\" class=\"woocommerce-LoopProduct-link woocommerce-loop-product__link\">\r\n\r\n\t        <div class=\"product_thumbnail with_second_image\">\r\n\t            <img loading=\"lazy\" decoding=\"async\" width=\"350\" height=\"435\" src=\"https:\/\/www.comunicabooksedizioni.it\/wp-content\/uploads\/2022\/10\/Colombano_F-350x435.jpg\" class=\"attachment-woocommerce_thumbnail size-woocommerce_thumbnail\" alt=\"Colombano e la fondazione di un monastero a Paullo\" srcset=\"https:\/\/www.comunicabooksedizioni.it\/wp-content\/uploads\/2022\/10\/Colombano_F-350x435.jpg 350w, https:\/\/www.comunicabooksedizioni.it\/wp-content\/uploads\/2022\/10\/Colombano_F-242x300.jpg 242w\" sizes=\"(max-width: 350px) 100vw, 350px\" \/>\t            \t            \t<span class=\"product_thumbnail_background\" style=\"background-image:url(https:\/\/www.comunicabooksedizioni.it\/wp-content\/uploads\/2022\/10\/Colombano_R-350x435.jpg)\"><\/span>\r\n\t        \t\t        <\/div><!--.product_thumbnail-->\r\n\t\t<\/a>\r\n\r\n\t\t\t\t\t\t\t\r\n\t\t\r\n\t\t        <div class=\"product_thumbnail_icons\">\r\n            <div class=\"yith-add-to-wishlist-button-block\" data-product-id=\"16615\" data-attributes=\"{&quot;kind&quot;:&quot;button&quot;}\"><\/div>        <\/div>\r\n    \r\n\t\t\r\n    <\/div><!--.product_thumbnail_wrapper-->\r\n\r\n    \r\n\t<h2 class=\"woocommerce-loop-product__title\">\r\n\t\t<a href=\"https:\/\/www.comunicabooksedizioni.it\/Home\/prodotto\/colombano-e-la-fondazione-di-un-monastero-a-paullo\/\">Colombano e la fondazione di un monastero a Paullo<\/a>\r\n\t<\/h2>\r\n\r\n\t\r\n        <div class=\"product_after_shop_loop\">\r\n        <div class=\"product_after_shop_loop_switcher\">\r\n    \r\n            \n\t<span class=\"price\"><span class=\"woocommerce-Price-amount amount\"><bdi>10,00&nbsp;<span class=\"woocommerce-Price-currencySymbol\" translate=\"no\">&euro;<\/span><\/bdi><\/span><\/span>\n<a href=\"\/Home\/wp-json\/wp\/v2\/pages\/17254?add-to-cart=16615\" aria-describedby=\"woocommerce_loop_add_to_cart_link_describedby_16615\" data-quantity=\"1\" class=\"button product_type_simple add_to_cart_button ajax_add_to_cart\" data-product_id=\"16615\" data-product_sku=\"\" aria-label=\"Aggiungi al carrello: &quot;Colombano e la fondazione di un monastero a Paullo&quot;\" rel=\"nofollow\" data-success_message=\"&quot;Colombano e la fondazione di un monastero a Paullo&quot; \u00e8 stato aggiunto al tuo carrello\" role=\"button\">Aggiungi al carrello<\/a>\t<span id=\"woocommerce_loop_add_to_cart_link_describedby_16615\" class=\"screen-reader-text\">\n\t\t\t<\/span>\n\r\n            <\/div>\r\n    <\/div>\r\n    \r\n\t\r\n<\/li>\r\n<li class=\"product type-product post-16612 status-publish instock product_cat-books product_tag-franco-celenza product_tag-settimana-santa product_tag-teatro has-post-thumbnail taxable shipping-taxable purchasable product-type-simple\">\r\n\r\n\t\r\n    <div class=\"product_thumbnail_wrapper \">\r\n\r\n\t\t<a href=\"https:\/\/www.comunicabooksedizioni.it\/Home\/prodotto\/sacra_rappresentazione_da_tradizioni_popolari_medievali\/\" class=\"woocommerce-LoopProduct-link woocommerce-loop-product__link\">\r\n\r\n\t        <div class=\"product_thumbnail with_second_image\">\r\n\t            <img loading=\"lazy\" decoding=\"async\" width=\"350\" height=\"435\" src=\"https:\/\/www.comunicabooksedizioni.it\/wp-content\/uploads\/2022\/10\/Gerusalemme_F-350x435.jpg\" class=\"attachment-woocommerce_thumbnail size-woocommerce_thumbnail\" alt=\"Ultimi Giorni a Gerusalemme\" srcset=\"https:\/\/www.comunicabooksedizioni.it\/wp-content\/uploads\/2022\/10\/Gerusalemme_F-350x435.jpg 350w, https:\/\/www.comunicabooksedizioni.it\/wp-content\/uploads\/2022\/10\/Gerusalemme_F-242x300.jpg 242w\" sizes=\"(max-width: 350px) 100vw, 350px\" \/>\t            \t            \t<span class=\"product_thumbnail_background\" style=\"background-image:url(https:\/\/www.comunicabooksedizioni.it\/wp-content\/uploads\/2022\/10\/Gerusalemme_R-350x435.jpg)\"><\/span>\r\n\t        \t\t        <\/div><!--.product_thumbnail-->\r\n\t\t<\/a>\r\n\r\n\t\t\t\t\t\t\t\r\n\t\t\r\n\t\t        <div class=\"product_thumbnail_icons\">\r\n            <div class=\"yith-add-to-wishlist-button-block\" data-product-id=\"16612\" data-attributes=\"{&quot;kind&quot;:&quot;button&quot;}\"><\/div>        <\/div>\r\n    \r\n\t\t\r\n    <\/div><!--.product_thumbnail_wrapper-->\r\n\r\n    \r\n\t<h2 class=\"woocommerce-loop-product__title\">\r\n\t\t<a href=\"https:\/\/www.comunicabooksedizioni.it\/Home\/prodotto\/sacra_rappresentazione_da_tradizioni_popolari_medievali\/\">Ultimi Giorni a Gerusalemme<\/a>\r\n\t<\/h2>\r\n\r\n\t\r\n        <div class=\"product_after_shop_loop\">\r\n        <div class=\"product_after_shop_loop_switcher\">\r\n    \r\n            \n\t<span class=\"price\"><span class=\"woocommerce-Price-amount amount\"><bdi>12,00&nbsp;<span class=\"woocommerce-Price-currencySymbol\" translate=\"no\">&euro;<\/span><\/bdi><\/span><\/span>\n<a href=\"\/Home\/wp-json\/wp\/v2\/pages\/17254?add-to-cart=16612\" aria-describedby=\"woocommerce_loop_add_to_cart_link_describedby_16612\" data-quantity=\"1\" class=\"button product_type_simple add_to_cart_button ajax_add_to_cart\" data-product_id=\"16612\" data-product_sku=\"\" aria-label=\"Aggiungi al carrello: &quot;Ultimi Giorni a Gerusalemme&quot;\" rel=\"nofollow\" data-success_message=\"&quot;Ultimi Giorni a Gerusalemme&quot; \u00e8 stato aggiunto al tuo carrello\" role=\"button\">Aggiungi al carrello<\/a>\t<span id=\"woocommerce_loop_add_to_cart_link_describedby_16612\" class=\"screen-reader-text\">\n\t\t\t<\/span>\n\r\n            <\/div>\r\n    <\/div>\r\n    \r\n\t\r\n<\/li>\r\n<li class=\"product type-product post-16591 status-publish instock product_cat-books product_tag-nuovi-narratori product_tag-premio-letterario-lago-gerundo has-post-thumbnail sale taxable shipping-taxable purchasable product-type-simple\">\r\n\r\n\t\r\n    <div class=\"product_thumbnail_wrapper \">\r\n\r\n\t\t<a href=\"https:\/\/www.comunicabooksedizioni.it\/Home\/prodotto\/tre_racconti_inediti\/\" class=\"woocommerce-LoopProduct-link woocommerce-loop-product__link\">\r\n\r\n\t        <div class=\"product_thumbnail with_second_image\">\r\n\t            <img loading=\"lazy\" decoding=\"async\" width=\"350\" height=\"435\" src=\"https:\/\/www.comunicabooksedizioni.it\/wp-content\/uploads\/2025\/06\/AntologiaNarratori_F-350x435.jpg\" class=\"attachment-woocommerce_thumbnail size-woocommerce_thumbnail\" alt=\"Antologia  di nuovi narratori\" srcset=\"https:\/\/www.comunicabooksedizioni.it\/wp-content\/uploads\/2025\/06\/AntologiaNarratori_F-350x435.jpg 350w, https:\/\/www.comunicabooksedizioni.it\/wp-content\/uploads\/2025\/06\/AntologiaNarratori_F-242x300.jpg 242w\" sizes=\"(max-width: 350px) 100vw, 350px\" \/>\t            \t            \t<span class=\"product_thumbnail_background\" style=\"background-image:url(https:\/\/www.comunicabooksedizioni.it\/wp-content\/uploads\/2025\/06\/AntologiaNarratori_R-350x435.jpg)\"><\/span>\r\n\t        \t\t        <\/div><!--.product_thumbnail-->\r\n\t\t<\/a>\r\n\r\n\t\t\t\t\t\t\t\r\n\t\t\n\t<span class=\"onsale\">Sale! 20%<\/span>\n\t\r\n\t\t        <div class=\"product_thumbnail_icons\">\r\n            <div class=\"yith-add-to-wishlist-button-block\" data-product-id=\"16591\" data-attributes=\"{&quot;kind&quot;:&quot;button&quot;}\"><\/div>        <\/div>\r\n    \r\n\t\t\r\n    <\/div><!--.product_thumbnail_wrapper-->\r\n\r\n    \r\n\t<h2 class=\"woocommerce-loop-product__title\">\r\n\t\t<a href=\"https:\/\/www.comunicabooksedizioni.it\/Home\/prodotto\/tre_racconti_inediti\/\">Antologia  di nuovi narratori<\/a>\r\n\t<\/h2>\r\n\r\n\t\r\n        <div class=\"product_after_shop_loop\">\r\n        <div class=\"product_after_shop_loop_switcher\">\r\n    \r\n            \n\t<span class=\"price\"><del aria-hidden=\"true\"><span class=\"woocommerce-Price-amount amount\"><bdi>15,00&nbsp;<span class=\"woocommerce-Price-currencySymbol\" translate=\"no\">&euro;<\/span><\/bdi><\/span><\/del> <span class=\"screen-reader-text\">Il prezzo originale era: 15,00&nbsp;&euro;.<\/span><ins aria-hidden=\"true\"><span class=\"woocommerce-Price-amount amount\"><bdi>12,00&nbsp;<span class=\"woocommerce-Price-currencySymbol\" translate=\"no\">&euro;<\/span><\/bdi><\/span><\/ins><span class=\"screen-reader-text\">Il prezzo attuale \u00e8: 12,00&nbsp;&euro;.<\/span><\/span>\n<a href=\"\/Home\/wp-json\/wp\/v2\/pages\/17254?add-to-cart=16591\" aria-describedby=\"woocommerce_loop_add_to_cart_link_describedby_16591\" data-quantity=\"1\" class=\"button product_type_simple add_to_cart_button ajax_add_to_cart\" data-product_id=\"16591\" data-product_sku=\"\" aria-label=\"Aggiungi al carrello: &quot;Antologia  di nuovi narratori&quot;\" rel=\"nofollow\" data-success_message=\"&quot;Antologia  di nuovi narratori&quot; \u00e8 stato aggiunto al tuo carrello\" role=\"button\">Aggiungi al carrello<\/a>\t<span id=\"woocommerce_loop_add_to_cart_link_describedby_16591\" class=\"screen-reader-text\">\n\t\t\t<\/span>\n\r\n            <\/div>\r\n    <\/div>\r\n    \r\n\t\r\n<\/li>\r\n<li class=\"product type-product post-16582 status-publish instock product_cat-books product_tag-franco-celenza product_tag-futuro product_tag-racconti-brevi has-post-thumbnail taxable shipping-taxable purchasable product-type-simple\">\r\n\r\n\t\r\n    <div class=\"product_thumbnail_wrapper \">\r\n\r\n\t\t<a href=\"https:\/\/www.comunicabooksedizioni.it\/Home\/prodotto\/la-leggenda-del-vento-sconosciuto-e-altri-futuri\/\" class=\"woocommerce-LoopProduct-link woocommerce-loop-product__link\">\r\n\r\n\t        <div class=\"product_thumbnail with_second_image\">\r\n\t            <img loading=\"lazy\" decoding=\"async\" width=\"350\" height=\"435\" src=\"https:\/\/www.comunicabooksedizioni.it\/wp-content\/uploads\/2025\/06\/LeggendaVento_F-350x435.jpg\" class=\"attachment-woocommerce_thumbnail size-woocommerce_thumbnail\" alt=\"La leggenda del vento sconosciuto e altri futuri\" srcset=\"https:\/\/www.comunicabooksedizioni.it\/wp-content\/uploads\/2025\/06\/LeggendaVento_F-350x435.jpg 350w, https:\/\/www.comunicabooksedizioni.it\/wp-content\/uploads\/2025\/06\/LeggendaVento_F-242x300.jpg 242w\" sizes=\"(max-width: 350px) 100vw, 350px\" \/>\t            \t            \t<span class=\"product_thumbnail_background\" style=\"background-image:url(https:\/\/www.comunicabooksedizioni.it\/wp-content\/uploads\/2025\/06\/LeggendaVento_R-350x435.jpg)\"><\/span>\r\n\t        \t\t        <\/div><!--.product_thumbnail-->\r\n\t\t<\/a>\r\n\r\n\t\t\t\t\t\t\t\r\n\t\t\r\n\t\t        <div class=\"product_thumbnail_icons\">\r\n            <div class=\"yith-add-to-wishlist-button-block\" data-product-id=\"16582\" data-attributes=\"{&quot;kind&quot;:&quot;button&quot;}\"><\/div>        <\/div>\r\n    \r\n\t\t\r\n    <\/div><!--.product_thumbnail_wrapper-->\r\n\r\n    \r\n\t<h2 class=\"woocommerce-loop-product__title\">\r\n\t\t<a href=\"https:\/\/www.comunicabooksedizioni.it\/Home\/prodotto\/la-leggenda-del-vento-sconosciuto-e-altri-futuri\/\">La leggenda del vento sconosciuto e altri futuri<\/a>\r\n\t<\/h2>\r\n\r\n\t\r\n        <div class=\"product_after_shop_loop\">\r\n        <div class=\"product_after_shop_loop_switcher\">\r\n    \r\n            \n\t<span class=\"price\"><span class=\"woocommerce-Price-amount amount\"><bdi>12,00&nbsp;<span class=\"woocommerce-Price-currencySymbol\" translate=\"no\">&euro;<\/span><\/bdi><\/span><\/span>\n<a href=\"\/Home\/wp-json\/wp\/v2\/pages\/17254?add-to-cart=16582\" aria-describedby=\"woocommerce_loop_add_to_cart_link_describedby_16582\" data-quantity=\"1\" class=\"button product_type_simple add_to_cart_button ajax_add_to_cart\" data-product_id=\"16582\" data-product_sku=\"\" aria-label=\"Aggiungi al carrello: &quot;La leggenda del vento sconosciuto e altri futuri&quot;\" rel=\"nofollow\" data-success_message=\"&quot;La leggenda del vento sconosciuto e altri futuri&quot; \u00e8 stato aggiunto al tuo carrello\" role=\"button\">Aggiungi al carrello<\/a>\t<span id=\"woocommerce_loop_add_to_cart_link_describedby_16582\" class=\"screen-reader-text\">\n\t\t\t<\/span>\n\r\n            <\/div>\r\n    <\/div>\r\n    \r\n\t\r\n<\/li>\r\n<li class=\"product type-product post-2843 status-publish last outofstock product_cat-books product_tag-premio-letterario-lago-gerundo product_tag-racconti-brevi has-post-thumbnail taxable shipping-taxable purchasable product-type-simple\">\r\n\r\n\t\r\n    <div class=\"product_thumbnail_wrapper outofstock\">\r\n\r\n\t\t<a href=\"https:\/\/www.comunicabooksedizioni.it\/Home\/prodotto\/locchio-della-terra\/\" class=\"woocommerce-LoopProduct-link woocommerce-loop-product__link\">\r\n\r\n\t        <div class=\"product_thumbnail with_second_image\">\r\n\t            <img loading=\"lazy\" decoding=\"async\" width=\"350\" height=\"435\" src=\"https:\/\/www.comunicabooksedizioni.it\/wp-content\/uploads\/2025\/06\/cchioTerra_F-350x435.jpg\" class=\"attachment-woocommerce_thumbnail size-woocommerce_thumbnail\" alt=\"L&#039;Occhio della Terra\" srcset=\"https:\/\/www.comunicabooksedizioni.it\/wp-content\/uploads\/2025\/06\/cchioTerra_F-350x435.jpg 350w, https:\/\/www.comunicabooksedizioni.it\/wp-content\/uploads\/2025\/06\/cchioTerra_F-242x300.jpg 242w\" sizes=\"(max-width: 350px) 100vw, 350px\" \/>\t            \t            \t<span class=\"product_thumbnail_background\" style=\"background-image:url(https:\/\/www.comunicabooksedizioni.it\/wp-content\/uploads\/2025\/06\/OcchioTerra_R-350x435.jpg)\"><\/span>\r\n\t        \t\t        <\/div><!--.product_thumbnail-->\r\n\t\t<\/a>\r\n\r\n\t\t\t\t\t\t\t\t\t<div class=\"out_of_stock_badge_loop\">\r\n\t\t\t\t\tOut of stock\t\t\t\t<\/div>\r\n\t\t\t\t\t\r\n\t\t\r\n\t\t        <div class=\"product_thumbnail_icons\">\r\n            <div class=\"yith-add-to-wishlist-button-block\" data-product-id=\"2843\" data-attributes=\"{&quot;kind&quot;:&quot;button&quot;}\"><\/div>        <\/div>\r\n    \r\n\t\t\r\n    <\/div><!--.product_thumbnail_wrapper-->\r\n\r\n    \r\n\t<h2 class=\"woocommerce-loop-product__title\">\r\n\t\t<a href=\"https:\/\/www.comunicabooksedizioni.it\/Home\/prodotto\/locchio-della-terra\/\">L&#8217;Occhio della Terra<\/a>\r\n\t<\/h2>\r\n\r\n\t\r\n        <div class=\"product_after_shop_loop\">\r\n        <div class=\"product_after_shop_loop_switcher\">\r\n    \r\n            \n\t<span class=\"price\"><span class=\"woocommerce-Price-amount amount\"><bdi>0,00&nbsp;<span class=\"woocommerce-Price-currencySymbol\" translate=\"no\">&euro;<\/span><\/bdi><\/span><\/span>\n<a href=\"https:\/\/www.comunicabooksedizioni.it\/Home\/prodotto\/locchio-della-terra\/\" aria-describedby=\"woocommerce_loop_add_to_cart_link_describedby_2843\" data-quantity=\"1\" class=\"button product_type_simple\" data-product_id=\"2843\" data-product_sku=\"\" aria-label=\"Leggi di pi\u00f9 su &quot;L&#039;Occhio della Terra&quot;\" rel=\"nofollow\" data-success_message=\"\">Leggi tutto<\/a>\t<span id=\"woocommerce_loop_add_to_cart_link_describedby_2843\" class=\"screen-reader-text\">\n\t\t\t<\/span>\n\r\n            <\/div>\r\n    <\/div>\r\n    \r\n\t\r\n<\/li>\r\n<\/ul>\n<\/div>\t\t\t\t<\/div>\n\t\t\t\t<\/div>\n\t\t\t\t\t<\/div>\n\t\t<\/div>\n\t\t\t\t\t<\/div>\n\t\t<\/section>\n\t\t\t\t<section class=\"elementor-section elementor-top-section elementor-element elementor-element-493c75b0 elementor-section-full_width elementor-section-height-min-height elementor-section-content-middle elementor-section-height-default elementor-section-items-middle\" data-id=\"493c75b0\" data-element_type=\"section\" data-e-type=\"section\" data-settings=\"{&quot;background_background&quot;:&quot;classic&quot;}\">\n\t\t\t\t\t\t<div class=\"elementor-container elementor-column-gap-no\">\n\t\t\t\t\t<div class=\"elementor-column elementor-col-100 elementor-top-column elementor-element elementor-element-401ed655\" data-id=\"401ed655\" data-element_type=\"column\" data-e-type=\"column\">\n\t\t\t<div class=\"elementor-widget-wrap elementor-element-populated\">\n\t\t\t\t\t\t<div class=\"elementor-element elementor-element-7fa8ca04 elementor-widget__width-auto elementor-widget elementor-widget-heading\" data-id=\"7fa8ca04\" data-element_type=\"widget\" data-e-type=\"widget\" data-widget_type=\"heading.default\">\n\t\t\t\t<div class=\"elementor-widget-container\">\n\t\t\t\t\t<h2 class=\"elementor-heading-title elementor-size-default\">10% di sconto sul tuo primo ordine - Codice:\n<\/h2>\t\t\t\t<\/div>\n\t\t\t\t<\/div>\n\t\t\t\t<div class=\"elementor-element elementor-element-7d215672 elementor-widget__width-auto elementor-widget elementor-widget-heading\" data-id=\"7d215672\" data-element_type=\"widget\" data-e-type=\"widget\" data-widget_type=\"heading.default\">\n\t\t\t\t<div class=\"elementor-widget-container\">\n\t\t\t\t\t<h2 class=\"elementor-heading-title elementor-size-default\">CoBooks<\/h2>\t\t\t\t<\/div>\n\t\t\t\t<\/div>\n\t\t\t\t<div class=\"elementor-element elementor-element-43d95919 elementor-align-center elementor-widget__width-auto elementor-widget elementor-widget-button\" data-id=\"43d95919\" data-element_type=\"widget\" data-e-type=\"widget\" data-widget_type=\"button.default\">\n\t\t\t\t<div class=\"elementor-widget-container\">\n\t\t\t\t\t\t\t\t\t<div class=\"elementor-button-wrapper\">\n\t\t\t\t\t<a class=\"elementor-button elementor-button-link elementor-size-sm\" href=\"https:\/\/www.comunicabooksedizioni.it\/Home\/shop\/\">\n\t\t\t\t\t\t<span class=\"elementor-button-content-wrapper\">\n\t\t\t\t\t\t<span class=\"elementor-button-icon\">\n\t\t\t\t<svg aria-hidden=\"true\" class=\"e-font-icon-svg e-fas-book-open\" viewBox=\"0 0 576 512\" xmlns=\"http:\/\/www.w3.org\/2000\/svg\"><path d=\"M542.22 32.05c-54.8 3.11-163.72 14.43-230.96 55.59-4.64 2.84-7.27 7.89-7.27 13.17v363.87c0 11.55 12.63 18.85 23.28 13.49 69.18-34.82 169.23-44.32 218.7-46.92 16.89-.89 30.02-14.43 30.02-30.66V62.75c.01-17.71-15.35-31.74-33.77-30.7zM264.73 87.64C197.5 46.48 88.58 35.17 33.78 32.05 15.36 31.01 0 45.04 0 62.75V400.6c0 16.24 13.13 29.78 30.02 30.66 49.49 2.6 149.59 12.11 218.77 46.95 10.62 5.35 23.21-1.94 23.21-13.46V100.63c0-5.29-2.62-10.14-7.27-12.99z\"><\/path><\/svg>\t\t\t<\/span>\n\t\t\t\t\t\t\t\t\t<span class=\"elementor-button-text\">Scopri le offerte <\/span>\n\t\t\t\t\t<\/span>\n\t\t\t\t\t<\/a>\n\t\t\t\t<\/div>\n\t\t\t\t\t\t\t\t<\/div>\n\t\t\t\t<\/div>\n\t\t\t\t\t<\/div>\n\t\t<\/div>\n\t\t\t\t\t<\/div>\n\t\t<\/section>\n\t\t<div class=\"elementor-element elementor-element-be217dd e-flex e-con-boxed e-con e-parent\" data-id=\"be217dd\" data-element_type=\"container\" data-e-type=\"container\">\n\t\t\t\t\t<div class=\"e-con-inner\">\n\t\t<div class=\"elementor-element elementor-element-c6adbbb e-con-full e-flex e-con e-child\" data-id=\"c6adbbb\" data-element_type=\"container\" data-e-type=\"container\">\n\t\t\t\t<div class=\"elementor-element elementor-element-36fa11a elementor-widget elementor-widget-heading\" data-id=\"36fa11a\" data-element_type=\"widget\" data-e-type=\"widget\" data-widget_type=\"heading.default\">\n\t\t\t\t<div class=\"elementor-widget-container\">\n\t\t\t\t\t<h3 class=\"elementor-heading-title elementor-size-default\">Articoli Blog<\/h3>\t\t\t\t<\/div>\n\t\t\t\t<\/div>\n\t\t\t\t<\/div>\n\t\t\t\t<div class=\"elementor-element elementor-element-e47c7ba elementor-grid-3 elementor-grid-tablet-2 elementor-grid-mobile-1 elementor-posts--thumbnail-top elementor-widget elementor-widget-posts\" data-id=\"e47c7ba\" data-element_type=\"widget\" data-e-type=\"widget\" data-settings=\"{&quot;classic_columns&quot;:&quot;3&quot;,&quot;classic_columns_tablet&quot;:&quot;2&quot;,&quot;classic_columns_mobile&quot;:&quot;1&quot;,&quot;classic_row_gap&quot;:{&quot;unit&quot;:&quot;px&quot;,&quot;size&quot;:35,&quot;sizes&quot;:[]},&quot;classic_row_gap_tablet&quot;:{&quot;unit&quot;:&quot;px&quot;,&quot;size&quot;:&quot;&quot;,&quot;sizes&quot;:[]},&quot;classic_row_gap_mobile&quot;:{&quot;unit&quot;:&quot;px&quot;,&quot;size&quot;:&quot;&quot;,&quot;sizes&quot;:[]}}\" data-widget_type=\"posts.classic\">\n\t\t\t\t<div class=\"elementor-widget-container\">\n\t\t\t\t\t\t\t<div class=\"elementor-posts-container elementor-posts elementor-posts--skin-classic elementor-grid\" role=\"list\">\n\t\t\t\t<article class=\"elementor-post elementor-grid-item post-18219 post type-post status-publish format-standard hentry category-editoria tag-fiera-torino tag-giovani\" role=\"listitem\">\n\t\t\t\t<div class=\"elementor-post__text\">\n\t\t\t\t<h3 class=\"elementor-post__title\">\n\t\t\t<a href=\"https:\/\/www.comunicabooksedizioni.it\/Home\/2026\/05\/26\/giovani-lettori-il-futuro-delleditoria-al-salone-di-torino\/\" >\n\t\t\t\tGiovani Lettori: Il Futuro dell&#8217;Editoria al Salone di Torino\t\t\t<\/a>\n\t\t<\/h3>\n\t\t\t\t<div class=\"elementor-post__meta-data\">\n\t\t\t\t\t<span class=\"elementor-post-date\">\n\t\t\t26 Maggio 2026\t\t<\/span>\n\t\t\t\t<span class=\"elementor-post-avatar\">\n\t\t\tNessun commento\t\t<\/span>\n\t\t\t\t<\/div>\n\t\t\t\t<div class=\"elementor-post__excerpt\">\n\t\t\t<p>L\u2019ultima edizione del Salone del Libro di Torino ha confermato un cambio di rotta storico: i giovani non sono pi\u00f9 solo il pubblico di domani, ma il motore che sta<\/p>\n\t\t<\/div>\n\t\t\n\t\t<a class=\"elementor-post__read-more\" href=\"https:\/\/www.comunicabooksedizioni.it\/Home\/2026\/05\/26\/giovani-lettori-il-futuro-delleditoria-al-salone-di-torino\/\" aria-label=\"Read more about Giovani Lettori: Il Futuro dell&#8217;Editoria al Salone di Torino\" tabindex=\"-1\" >\n\t\t\tRead More \u00bb\t\t<\/a>\n\n\t\t\t\t<\/div>\n\t\t\t\t<\/article>\n\t\t\t\t<article class=\"elementor-post elementor-grid-item post-18047 post type-post status-publish format-standard hentry category-editoria\" role=\"listitem\">\n\t\t\t\t<div class=\"elementor-post__text\">\n\t\t\t\t<h3 class=\"elementor-post__title\">\n\t\t\t<a href=\"https:\/\/www.comunicabooksedizioni.it\/Home\/2026\/05\/08\/distribuzione-editoriale-tra-mito-e-realta\/\" >\n\t\t\t\tDistribuzione editoriale: tra mito e realt\u00e0\t\t\t<\/a>\n\t\t<\/h3>\n\t\t\t\t<div class=\"elementor-post__meta-data\">\n\t\t\t\t\t<span class=\"elementor-post-date\">\n\t\t\t8 Maggio 2026\t\t<\/span>\n\t\t\t\t<span class=\"elementor-post-avatar\">\n\t\t\tNessun commento\t\t<\/span>\n\t\t\t\t<\/div>\n\t\t\t\t<div class=\"elementor-post__excerpt\">\n\t\t\t<p>C&#8217;\u00e8 un\u2019idea controversa che circola nella filiera del libro: l\u2019illusione che la distribuzione sia il traguardo finale. In realt\u00e0, \u00e8 solo l&#8217;infrastruttura di base, il binario su cui il treno<\/p>\n\t\t<\/div>\n\t\t\n\t\t<a class=\"elementor-post__read-more\" href=\"https:\/\/www.comunicabooksedizioni.it\/Home\/2026\/05\/08\/distribuzione-editoriale-tra-mito-e-realta\/\" aria-label=\"Read more about Distribuzione editoriale: tra mito e realt\u00e0\" tabindex=\"-1\" >\n\t\t\tRead More \u00bb\t\t<\/a>\n\n\t\t\t\t<\/div>\n\t\t\t\t<\/article>\n\t\t\t\t<article class=\"elementor-post elementor-grid-item post-18121 post type-post status-publish format-standard hentry category-romanzo tag-clay-regazzoni tag-formula1 tag-minardi\" role=\"listitem\">\n\t\t\t\t<div class=\"elementor-post__text\">\n\t\t\t\t<h3 class=\"elementor-post__title\">\n\t\t\t<a href=\"https:\/\/www.comunicabooksedizioni.it\/Home\/2026\/04\/29\/unamicizia-ad-alta-velocita\/\" >\n\t\t\t\tUn&#8217;amicizia ad alta velocit\u00e0\t\t\t<\/a>\n\t\t<\/h3>\n\t\t\t\t<div class=\"elementor-post__meta-data\">\n\t\t\t\t\t<span class=\"elementor-post-date\">\n\t\t\t29 Aprile 2026\t\t<\/span>\n\t\t\t\t<span class=\"elementor-post-avatar\">\n\t\t\tNessun commento\t\t<\/span>\n\t\t\t\t<\/div>\n\t\t\t\t<div class=\"elementor-post__excerpt\">\n\t\t\t<p>Prefazione di Gian Maria Regazzoni Questo libro &#8220;Io e Clay&#8221; narra di due uomini uniti dal motto \u201cnon mollare mai\u201d. Il destino da una parte, l\u2019azione dall\u2019altra: cos\u00ec si \u00e8<\/p>\n\t\t<\/div>\n\t\t\n\t\t<a class=\"elementor-post__read-more\" href=\"https:\/\/www.comunicabooksedizioni.it\/Home\/2026\/04\/29\/unamicizia-ad-alta-velocita\/\" aria-label=\"Read more about Un&#8217;amicizia ad alta velocit\u00e0\" tabindex=\"-1\" >\n\t\t\tRead More \u00bb\t\t<\/a>\n\n\t\t\t\t<\/div>\n\t\t\t\t<\/article>\n\t\t\t\t<\/div>\n\t\t\n\t\t\t\t\t\t<\/div>\n\t\t\t\t<\/div>\n\t\t\t\t\t<\/div>\n\t\t\t\t<\/div>\n\t\t\t\t<\/div>\n\t\t","protected":false},"excerpt":{"rendered":"<p>Catalogo La nostra Libreria 10% di sconto sul tuo primo ordine &#8211; Codice: CoBooks Scopri le offerte Articoli Blog<\/p>\n","protected":false},"author":2,"featured_media":0,"parent":0,"menu_order":0,"comment_status":"closed","ping_status":"closed","template":"elementor_header_footer","meta":{"om_disable_all_campaigns":false,"footnotes":""},"class_list":["post-17254","page","type-page","status-publish","hentry"],"jetpack_sharing_enabled":true,"_links":{"self":[{"href":"https:\/\/www.comunicabooksedizioni.it\/Home\/wp-json\/wp\/v2\/pages\/17254","targetHints":{"allow":["GET"]}}],"collection":[{"href":"https:\/\/www.comunicabooksedizioni.it\/Home\/wp-json\/wp\/v2\/pages"}],"about":[{"href":"https:\/\/www.comunicabooksedizioni.it\/Home\/wp-json\/wp\/v2\/types\/page"}],"author":[{"embeddable":true,"href":"https:\/\/www.comunicabooksedizioni.it\/Home\/wp-json\/wp\/v2\/users\/2"}],"replies":[{"embeddable":true,"href":"https:\/\/www.comunicabooksedizioni.it\/Home\/wp-json\/wp\/v2\/comments?post=17254"}],"version-history":[{"count":52,"href":"https:\/\/www.comunicabooksedizioni.it\/Home\/wp-json\/wp\/v2\/pages\/17254\/revisions"}],"predecessor-version":[{"id":17871,"href":"https:\/\/www.comunicabooksedizioni.it\/Home\/wp-json\/wp\/v2\/pages\/17254\/revisions\/17871"}],"wp:attachment":[{"href":"https:\/\/www.comunicabooksedizioni.it\/Home\/wp-json\/wp\/v2\/media?parent=17254"}],"curies":[{"name":"wp","href":"https:\/\/api.w.org\/{rel}","templated":true}]}}